{"id":7050,"date":"2020-07-20T13:45:00","date_gmt":"2020-07-20T11:45:00","guid":{"rendered":"https:\/\/wahlspain.es\/suporte-tecnico-4\/"},"modified":"2025-01-08T15:13:13","modified_gmt":"2025-01-08T14:13:13","slug":"suporte-tecnico","status":"publish","type":"page","link":"https:\/\/wahlspain.es\/pt-pt\/suporte-tecnico\/","title":{"rendered":"Suporte T\u00e9cnico"},"content":{"rendered":"<div class=\"row\"  id=\"row-1679211490\">\n<\/div>\n\t<div class=\"img has-hover x md-x lg-x y md-y lg-y\" id=\"image_1605970849\">\n\t\t\t\t\t\t\t\t<div class=\"img-inner dark\" >\n\t\t\t<img width=\"1020\" height=\"117\" src=\"https:\/\/wahlspain.es\/wp-content\/uploads\/2024\/06\/Banner-servicio-tecnico-WAHL-ACTUALIZADO.jpg\" class=\"attachment-large size-large\" alt=\"\" decoding=\"async\" loading=\"lazy\" srcset=\"https:\/\/wahlspain.es\/wp-content\/uploads\/2024\/06\/Banner-servicio-tecnico-WAHL-ACTUALIZADO.jpg 1400w, https:\/\/wahlspain.es\/wp-content\/uploads\/2024\/06\/Banner-servicio-tecnico-WAHL-ACTUALIZADO-800x91.jpg 800w, https:\/\/wahlspain.es\/wp-content\/uploads\/2024\/06\/Banner-servicio-tecnico-WAHL-ACTUALIZADO-768x88.jpg 768w, https:\/\/wahlspain.es\/wp-content\/uploads\/2024\/06\/Banner-servicio-tecnico-WAHL-ACTUALIZADO-600x69.jpg 600w\" sizes=\"(max-width: 1020px) 100vw, 1020px\" \/>\t\t\t\t\t\t\n\t\t\t\t\t<\/div>\n\t\t\t\t\t\t\t\t\n<style>\n#image_1605970849 {\n  width: 100%;\n}\n<\/style>\n\t<\/div>\n\t\n<hr \/>\n<p>&nbsp;<\/p>\n<p style=\"text-align: center;\"><span style=\"font-size: 100%;\">Para tramitar tu <strong>reparaci\u00f3n<\/strong> \/ <strong>garant\u00eda<\/strong> s\u00f3lo tienes que elegir la <strong>marca<\/strong>, <strong>familia<\/strong> y <strong>modelo<\/strong> del producto.<\/span><\/p>\n<p style=\"text-align: center;\"><span style=\"font-size: 100%;\"><strong>Puede agilizar la b\u00fasqueda de su producto<\/strong> le recomendamos utilizar el buscador introduciendo el nombre del producto o la referencia del mismo.<\/span><\/p>\n<div class=\"row align-equal row-dashed\"  id=\"row-317114552\">\n\n\t<div id=\"col-1070262895\" class=\"col medium-6 small-12 large-6\"  >\n\t\t\t\t<div class=\"col-inner\" style=\"background-color:rgb(231, 227, 227);\" >\n\t\t\t\n\t\t\t\n<div class=\"aws-container\" data-url=\"\/pt-pt\/?wc-ajax=aws_action\" data-siteurl=\"https:\/\/wahlspain.es\/pt-pt\/\" data-lang=\"pt-pt\" data-show-loader=\"true\" data-show-more=\"false\" data-show-page=\"false\" data-ajax-search=\"true\" data-show-clear=\"true\" data-mobile-screen=\"false\" data-use-analytics=\"false\" data-min-chars=\"1\" data-buttons-order=\"3\" data-timeout=\"300\" data-is-mobile=\"false\" data-page-id=\"0\" data-tax=\"\" ><form class=\"aws-search-form\" action=\"https:\/\/wahlspain.es\/pt-pt\/\" method=\"get\" role=\"search\" ><div class=\"aws-wrapper\"><label class=\"aws-search-label\" for=\"69f38aa2c206e\"><\/label><input type=\"search\" name=\"s\" id=\"69f38aa2c206e\" value=\"\" class=\"aws-search-field\" placeholder=\"\" autocomplete=\"off\" \/><input type=\"hidden\" name=\"post_type\" value=\"product\"><input type=\"hidden\" name=\"type_aws\" value=\"true\"><input type=\"hidden\" name=\"lang\" value=\"pt-pt\"><div class=\"aws-search-clear\"><span>\u00d7<\/span><\/div><div class=\"aws-loader\"><\/div><\/div><div class=\"aws-search-btn aws-form-btn\"><span class=\"aws-search-btn_icon\"><svg focusable=\"false\" xmlns=\"http:\/\/www.w3.org\/2000\/svg\" viewBox=\"0 0 24 24\" width=\"24px\"><path d=\"M15.5 14h-.79l-.28-.27C15.41 12.59 16 11.11 16 9.5 16 5.91 13.09 3 9.5 3S3 5.91 3 9.5 5.91 16 9.5 16c1.61 0 3.09-.59 4.23-1.57l.27.28v.79l5 4.99L20.49 19l-4.99-5zm-6 0C7.01 14 5 11.99 5 9.5S7.01 5 9.5 5 14 7.01 14 9.5 11.99 14 9.5 14z\"><\/path><\/svg><\/span><\/div><\/form><\/div>\n\t\t<\/div>\n\t\t\t\t\t<\/div>\n\n\t\n\n\t<div id=\"col-69368701\" class=\"col medium-6 small-12 large-6\"  >\n\t\t\t\t<div class=\"col-inner\" style=\"background-color:rgb(231, 227, 227);\" >\n\t\t\t\n\t\t\t\n<h3>Procure o seu produto, refer\u00eancia ao modelo.<\/h3>\n\t\t<\/div>\n\t\t\t\t\t<\/div>\n\n\t\n<\/div>\n\t<div id=\"gap-1321799125\" class=\"gap-element clearfix\" style=\"display:block; height:auto;\">\n\t\t\n<style>\n#gap-1321799125 {\n  padding-top: 36px;\n}\n<\/style>\n\t<\/div>\n\t\n<div class=\"message-box relative dark\" style=\"padding-top:4px;padding-bottom:4px;\"><div class=\"message-box-bg-image bg-fill fill\" ><\/div><div class=\"message-box-bg-overlay bg-fill fill\" style=\"background-color:rgb(78, 105, 125);\"><\/div><div class=\"container relative\"><div class=\"inner last-reset\">\n<div class=\"row align-middle align-center\"  id=\"row-875908825\">\n\n\t<div id=\"col-1652459024\" class=\"col medium-9 small-12 large-9\"  >\n\t\t\t\t<div class=\"col-inner\"  >\n\t\t\t\n\t\t\t\n<p>Se a sua m\u00e1quina n\u00e3o aparecer nesta lista, \u00e9 muito prov\u00e1vel que seja uma m\u00e1quina de consumo. Para a sua repara\u00e7\u00e3o dever\u00e1 contactar a loja que foi vendida.<\/p>\n\t\t<\/div>\n\t\t\t\t\t<\/div>\n\n\t\n\n\t<div id=\"col-835953612\" class=\"col medium-2 small-12 large-2\"  >\n\t\t\t\t<div class=\"col-inner text-center\"  >\n\t\t\t\n\t\t\t\n<a data-animate=\"blurIn\" href=\"https:\/\/es.wahl.com\/Home\/Home-Grooming\/contact.aspx\" target=\"_self\" class=\"button white is-outline is-larger\"  style=\"border-radius:99px;\">\n    <span>web<\/span>\n  <\/a>\n\n\t\t<\/div>\n\t\t\t\t\t<\/div>\n\n\t\n<\/div>\n<\/div><\/div><\/div>\n\t<div id=\"gap-1292944208\" class=\"gap-element clearfix\" style=\"display:block; height:auto;\">\n\t\t\n<style>\n#gap-1292944208 {\n  padding-top: 36px;\n}\n<\/style>\n\t<\/div>\n\t\n<div class=\"container section-title-container\" ><h3 class=\"section-title section-title-bold-center\"><b><\/b><span class=\"section-title-main\" >WAHL PROFISSIONAL<\/span><b><\/b><\/h3><\/div>\n\n  \n    <div id=\"cats-1283530428\" class=\"row large-columns-5 medium-columns-3 small-columns-2 row-small row-masonry\" data-packery-options='{\"itemSelector\": \".col\", \"gutter\": 0, \"presentageWidth\" : true}'>\n\n  <div class=\"product-category col\" >\n            <div class=\"col-inner\">\n                              <div class=\"box box-category has-hover box-push \">\n                <div class=\"box-image\" >\n                  <div class=\"\" >\n                  <img src=\"https:\/\/wahlspain.es\/wp-content\/uploads\/2018\/10\/Logo-WAHL-Soporte-t\u00e9cnico.png\" alt=\"M\u00e1quinas de corte com bateria WAHL\" width=\"300\" height=\"300\" \/>                                                      <\/div>\n                <\/div>\n                <div class=\"box-text text-center\" >\n                  <div class=\"box-text-inner\">\n                      <h5 class=\"uppercase header-title\">\n                              M\u00e1quinas de corte com bateria WAHL                      <\/h5>\n                                            <p class=\"is-xsmall uppercase count \">\n\t                      13 Produtos                      <\/p>\n                                            \n                  <\/div>\n                <\/div>\n                <\/div>\n                        <\/div>\n            <\/div><div class=\"product-category col\" >\n            <div class=\"col-inner\">\n                              <div class=\"box box-category has-hover box-push \">\n                <div class=\"box-image\" >\n                  <div class=\"\" >\n                  <img src=\"https:\/\/wahlspain.es\/wp-content\/uploads\/2018\/10\/Logo-WAHL-Soporte-t\u00e9cnico.png\" alt=\"M\u00e1quinas para contornos WAHL\" width=\"300\" height=\"300\" \/>                                                      <\/div>\n                <\/div>\n                <div class=\"box-text text-center\" >\n                  <div class=\"box-text-inner\">\n                      <h5 class=\"uppercase header-title\">\n                              M\u00e1quinas para contornos WAHL                      <\/h5>\n                                            <p class=\"is-xsmall uppercase count \">\n\t                      12 Produtos                      <\/p>\n                                            \n                  <\/div>\n                <\/div>\n                <\/div>\n                        <\/div>\n            <\/div><div class=\"product-category col\" >\n            <div class=\"col-inner\">\n                              <div class=\"box box-category has-hover box-push \">\n                <div class=\"box-image\" >\n                  <div class=\"\" >\n                  <img src=\"https:\/\/wahlspain.es\/wp-content\/uploads\/2018\/10\/Logo-WAHL-Soporte-t\u00e9cnico.png\" alt=\"M\u00e1quinas de corte com cabo WAHL\" width=\"300\" height=\"300\" \/>                                                      <\/div>\n                <\/div>\n                <div class=\"box-text text-center\" >\n                  <div class=\"box-text-inner\">\n                      <h5 class=\"uppercase header-title\">\n                              M\u00e1quinas de corte com cabo WAHL                      <\/h5>\n                                            <p class=\"is-xsmall uppercase count \">\n\t                      9 Produtos                      <\/p>\n                                            \n                  <\/div>\n                <\/div>\n                <\/div>\n                        <\/div>\n            <\/div><div class=\"product-category col\" >\n            <div class=\"col-inner\">\n                              <div class=\"box box-category has-hover box-push \">\n                <div class=\"box-image\" >\n                  <div class=\"\" >\n                  <img src=\"https:\/\/wahlspain.es\/wp-content\/uploads\/2018\/10\/Logo-WAHL-Soporte-t\u00e9cnico.png\" alt=\"Alisadores WAHL\" width=\"300\" height=\"300\" \/>                                                      <\/div>\n                <\/div>\n                <div class=\"box-text text-center\" >\n                  <div class=\"box-text-inner\">\n                      <h5 class=\"uppercase header-title\">\n                              Alisadores WAHL                      <\/h5>\n                                            <p class=\"is-xsmall uppercase count \">\n\t                      2 Produtos                      <\/p>\n                                            \n                  <\/div>\n                <\/div>\n                <\/div>\n                        <\/div>\n            <\/div><div class=\"product-category col\" >\n            <div class=\"col-inner\">\n                              <div class=\"box box-category has-hover box-push \">\n                <div class=\"box-image\" >\n                  <div class=\"\" >\n                  <img src=\"https:\/\/wahlspain.es\/wp-content\/uploads\/2018\/10\/Logo-WAHL-Soporte-t\u00e9cnico.png\" alt=\"Secadores WAHL\" width=\"300\" height=\"300\" \/>                                                      <\/div>\n                <\/div>\n                <div class=\"box-text text-center\" >\n                  <div class=\"box-text-inner\">\n                      <h5 class=\"uppercase header-title\">\n                              Secadores WAHL                      <\/h5>\n                                            <p class=\"is-xsmall uppercase count \">\n\t                      3 Produtos                      <\/p>\n                                            \n                  <\/div>\n                <\/div>\n                <\/div>\n                        <\/div>\n            <\/div><\/div>\n<div class=\"container section-title-container\" ><h3 class=\"section-title section-title-bold-center\"><b><\/b><span class=\"section-title-main\" >WAHL ANIMAL<\/span><b><\/b><\/h3><\/div>\n\n  \n    <div id=\"cats-2047990996\" class=\"row large-columns-5 medium-columns-3 small-columns-2 row-small row-masonry\" data-packery-options='{\"itemSelector\": \".col\", \"gutter\": 0, \"presentageWidth\" : true}'>\n\n  <div class=\"product-category col\" >\n            <div class=\"col-inner\">\n                              <div class=\"box box-category has-hover box-push \">\n                <div class=\"box-image\" >\n                  <div class=\"\" >\n                  <img src=\"https:\/\/wahlspain.es\/wp-content\/uploads\/2018\/10\/Logo-WAHL-Soporte-t\u00e9cnico.png\" alt=\"M\u00e1quinas de corte com bateria WAHL\" width=\"300\" height=\"300\" \/>                                                      <\/div>\n                <\/div>\n                <div class=\"box-text text-center\" >\n                  <div class=\"box-text-inner\">\n                      <h5 class=\"uppercase header-title\">\n                              M\u00e1quinas de corte com bateria WAHL                      <\/h5>\n                                            <p class=\"is-xsmall uppercase count \">\n\t                      10 Produtos                      <\/p>\n                                            \n                  <\/div>\n                <\/div>\n                <\/div>\n                        <\/div>\n            <\/div><div class=\"product-category col\" >\n            <div class=\"col-inner\">\n                              <div class=\"box box-category has-hover box-push \">\n                <div class=\"box-image\" >\n                  <div class=\"\" >\n                  <img src=\"https:\/\/wahlspain.es\/wp-content\/uploads\/2018\/10\/Logo-WAHL-Soporte-t\u00e9cnico.png\" alt=\"M\u00e1quinas de corte com cabo WAHL\" width=\"300\" height=\"300\" \/>                                                      <\/div>\n                <\/div>\n                <div class=\"box-text text-center\" >\n                  <div class=\"box-text-inner\">\n                      <h5 class=\"uppercase header-title\">\n                              M\u00e1quinas de corte com cabo WAHL                      <\/h5>\n                                            <p class=\"is-xsmall uppercase count \">\n\t                      6 Produtos                      <\/p>\n                                            \n                  <\/div>\n                <\/div>\n                <\/div>\n                        <\/div>\n            <\/div><div class=\"product-category col\" >\n            <div class=\"col-inner\">\n                              <div class=\"box box-category has-hover box-push \">\n                <div class=\"box-image\" >\n                  <div class=\"\" >\n                  <img src=\"https:\/\/wahlspain.es\/wp-content\/uploads\/2018\/10\/Logo-WAHL-Soporte-t\u00e9cnico.png\" alt=\"M\u00e1quinas de contornos WAHL\" width=\"300\" height=\"300\" \/>                                                      <\/div>\n                <\/div>\n                <div class=\"box-text text-center\" >\n                  <div class=\"box-text-inner\">\n                      <h5 class=\"uppercase header-title\">\n                              M\u00e1quinas de contornos WAHL                      <\/h5>\n                                            <p class=\"is-xsmall uppercase count \">\n\t                      4 Produtos                      <\/p>\n                                            \n                  <\/div>\n                <\/div>\n                <\/div>\n                        <\/div>\n            <\/div><\/div>\n<div class=\"container section-title-container\" ><h3 class=\"section-title section-title-bold-center\"><b><\/b><span class=\"section-title-main\" >MOSER Profissional<\/span><b><\/b><\/h3><\/div>\n\n  \n    <div id=\"cats-1245932119\" class=\"row large-columns-5 medium-columns-3 small-columns-2 row-small row-masonry\" data-packery-options='{\"itemSelector\": \".col\", \"gutter\": 0, \"presentageWidth\" : true}'>\n\n  <div class=\"product-category col\" >\n            <div class=\"col-inner\">\n                              <div class=\"box box-category has-hover box-push \">\n                <div class=\"box-image\" >\n                  <div class=\"\" >\n                  <img src=\"https:\/\/wahlspain.es\/wp-content\/uploads\/2020\/09\/logo-moser-soporte.jpg\" alt=\"M\u00e1quinas de corte com bateria MOSER\" width=\"300\" height=\"300\" \/>                                                      <\/div>\n                <\/div>\n                <div class=\"box-text text-center\" >\n                  <div class=\"box-text-inner\">\n                      <h5 class=\"uppercase header-title\">\n                              M\u00e1quinas de corte com bateria MOSER                      <\/h5>\n                                            <p class=\"is-xsmall uppercase count \">\n\t                      12 Produtos                      <\/p>\n                                            \n                  <\/div>\n                <\/div>\n                <\/div>\n                        <\/div>\n            <\/div><div class=\"product-category col\" >\n            <div class=\"col-inner\">\n                              <div class=\"box box-category has-hover box-push \">\n                <div class=\"box-image\" >\n                  <div class=\"\" >\n                  <img src=\"https:\/\/wahlspain.es\/wp-content\/uploads\/2020\/09\/logo-moser-soporte.jpg\" alt=\"M\u00e1quinas de corte com cabo MOSER\" width=\"300\" height=\"300\" \/>                                                      <\/div>\n                <\/div>\n                <div class=\"box-text text-center\" >\n                  <div class=\"box-text-inner\">\n                      <h5 class=\"uppercase header-title\">\n                              M\u00e1quinas de corte com cabo MOSER                      <\/h5>\n                                            <p class=\"is-xsmall uppercase count \">\n\t                      5 Produtos                      <\/p>\n                                            \n                  <\/div>\n                <\/div>\n                <\/div>\n                        <\/div>\n            <\/div><div class=\"product-category col\" >\n            <div class=\"col-inner\">\n                              <div class=\"box box-category has-hover box-push \">\n                <div class=\"box-image\" >\n                  <div class=\"\" >\n                  <img src=\"https:\/\/wahlspain.es\/wp-content\/uploads\/2020\/09\/logo-moser-soporte.jpg\" alt=\"M\u00e1quinas de contornos MOSER\" width=\"300\" height=\"300\" \/>                                                      <\/div>\n                <\/div>\n                <div class=\"box-text text-center\" >\n                  <div class=\"box-text-inner\">\n                      <h5 class=\"uppercase header-title\">\n                              M\u00e1quinas de contornos MOSER                      <\/h5>\n                                            <p class=\"is-xsmall uppercase count \">\n\t                      8 Produtos                      <\/p>\n                                            \n                  <\/div>\n                <\/div>\n                <\/div>\n                        <\/div>\n            <\/div><div class=\"product-category col\" >\n            <div class=\"col-inner\">\n                              <div class=\"box box-category has-hover box-push \">\n                <div class=\"box-image\" >\n                  <div class=\"\" >\n                  <img src=\"https:\/\/wahlspain.es\/wp-content\/uploads\/2020\/09\/logo-moser-soporte.jpg\" alt=\"Alisador MOSER\" width=\"300\" height=\"300\" \/>                                                      <\/div>\n                <\/div>\n                <div class=\"box-text text-center\" >\n                  <div class=\"box-text-inner\">\n                      <h5 class=\"uppercase header-title\">\n                              Alisador MOSER                      <\/h5>\n                                            <p class=\"is-xsmall uppercase count \">\n\t                      8 Produtos                      <\/p>\n                                            \n                  <\/div>\n                <\/div>\n                <\/div>\n                        <\/div>\n            <\/div><div class=\"product-category col\" >\n            <div class=\"col-inner\">\n                              <div class=\"box box-category has-hover box-push \">\n                <div class=\"box-image\" >\n                  <div class=\"\" >\n                  <img src=\"https:\/\/wahlspain.es\/wp-content\/uploads\/2020\/09\/logo-moser-soporte.jpg\" alt=\"Secadores MOSER\" width=\"300\" height=\"300\" \/>                                                      <\/div>\n                <\/div>\n                <div class=\"box-text text-center\" >\n                  <div class=\"box-text-inner\">\n                      <h5 class=\"uppercase header-title\">\n                              Secadores MOSER                      <\/h5>\n                                            <p class=\"is-xsmall uppercase count \">\n\t                      3 Produtos                      <\/p>\n                                            \n                  <\/div>\n                <\/div>\n                <\/div>\n                        <\/div>\n            <\/div><\/div>\n<div class=\"container section-title-container\" ><h3 class=\"section-title section-title-bold-center\"><b><\/b><span class=\"section-title-main\" >MOSER Animal<\/span><b><\/b><\/h3><\/div>\n\n  \n    <div id=\"cats-1280087983\" class=\"row large-columns-5 medium-columns-3 small-columns-2 row-small row-masonry\" data-packery-options='{\"itemSelector\": \".col\", \"gutter\": 0, \"presentageWidth\" : true}'>\n\n  <div class=\"product-category col\" >\n            <div class=\"col-inner\">\n                              <div class=\"box box-category has-hover box-push \">\n                <div class=\"box-image\" >\n                  <div class=\"\" >\n                  <img src=\"https:\/\/wahlspain.es\/wp-content\/uploads\/2020\/09\/LOGO-MOSER-ANIMAL-SOPORTE.jpg\" alt=\"M\u00e1quinas de corte com bateria MOSER\" width=\"300\" height=\"300\" \/>                                                      <\/div>\n                <\/div>\n                <div class=\"box-text text-center\" >\n                  <div class=\"box-text-inner\">\n                      <h5 class=\"uppercase header-title\">\n                              M\u00e1quinas de corte com bateria MOSER                      <\/h5>\n                                            <p class=\"is-xsmall uppercase count \">\n\t                      2 Produtos                      <\/p>\n                                            \n                  <\/div>\n                <\/div>\n                <\/div>\n                        <\/div>\n            <\/div><div class=\"product-category col\" >\n            <div class=\"col-inner\">\n                              <div class=\"box box-category has-hover box-push \">\n                <div class=\"box-image\" >\n                  <div class=\"\" >\n                  <img src=\"https:\/\/wahlspain.es\/wp-content\/uploads\/2020\/09\/LOGO-MOSER-ANIMAL-SOPORTE.jpg\" alt=\"M\u00e1quinas de corte com cabo MOSER\" width=\"300\" height=\"300\" \/>                                                      <\/div>\n                <\/div>\n                <div class=\"box-text text-center\" >\n                  <div class=\"box-text-inner\">\n                      <h5 class=\"uppercase header-title\">\n                              M\u00e1quinas de corte com cabo MOSER                      <\/h5>\n                                            <p class=\"is-xsmall uppercase count \">\n\t                      5 Produtos                      <\/p>\n                                            \n                  <\/div>\n                <\/div>\n                <\/div>\n                        <\/div>\n            <\/div><\/div>\n<div class=\"container section-title-container\" ><h3 class=\"section-title section-title-bold-center\"><b><\/b><span class=\"section-title-main\" >ermila<\/span><b><\/b><\/h3><\/div>\n\n  \n    <div id=\"cats-847347437\" class=\"row large-columns-4 medium-columns-3 small-columns-2 row-small row-masonry\" data-packery-options='{\"itemSelector\": \".col\", \"gutter\": 0, \"presentageWidth\" : true}'>\n\n  <div class=\"product-category col\" >\n            <div class=\"col-inner\">\n                              <div class=\"box box-category has-hover box-push \">\n                <div class=\"box-image\" >\n                  <div class=\"\" >\n                  <img src=\"https:\/\/wahlspain.es\/wp-content\/uploads\/2018\/09\/LOGO-ERMILA.jpg\" alt=\"M\u00e1quinas de corte com bateria ERMILA\" width=\"300\" height=\"300\" \/>                                                      <\/div>\n                <\/div>\n                <div class=\"box-text text-center\" >\n                  <div class=\"box-text-inner\">\n                      <h5 class=\"uppercase header-title\">\n                              M\u00e1quinas de corte com bateria ERMILA                      <\/h5>\n                                            <p class=\"is-xsmall uppercase count \">\n\t                      8 Produtos                      <\/p>\n                                            \n                  <\/div>\n                <\/div>\n                <\/div>\n                        <\/div>\n            <\/div><div class=\"product-category col\" >\n            <div class=\"col-inner\">\n                              <div class=\"box box-category has-hover box-push \">\n                <div class=\"box-image\" >\n                  <div class=\"\" >\n                  <img src=\"https:\/\/wahlspain.es\/wp-content\/uploads\/2018\/09\/LOGO-ERMILA.jpg\" alt=\"Alisador ERMILA\" width=\"300\" height=\"300\" \/>                                                      <\/div>\n                <\/div>\n                <div class=\"box-text text-center\" >\n                  <div class=\"box-text-inner\">\n                      <h5 class=\"uppercase header-title\">\n                              Alisador ERMILA                      <\/h5>\n                                            <p class=\"is-xsmall uppercase count \">\n\t                      6 Produtos                      <\/p>\n                                            \n                  <\/div>\n                <\/div>\n                <\/div>\n                        <\/div>\n            <\/div><div class=\"product-category col\" >\n            <div class=\"col-inner\">\n                              <div class=\"box box-category has-hover box-push \">\n                <div class=\"box-image\" >\n                  <div class=\"\" >\n                  <img src=\"https:\/\/wahlspain.es\/wp-content\/uploads\/2018\/09\/LOGO-ERMILA.jpg\" alt=\"Secadores ERMILA\" width=\"300\" height=\"300\" \/>                                                      <\/div>\n                <\/div>\n                <div class=\"box-text text-center\" >\n                  <div class=\"box-text-inner\">\n                      <h5 class=\"uppercase header-title\">\n                              Secadores ERMILA                      <\/h5>\n                                            <p class=\"is-xsmall uppercase count \">\n\t                      1 Produto                      <\/p>\n                                            \n                  <\/div>\n                <\/div>\n                <\/div>\n                        <\/div>\n            <\/div><\/div>\n<div class=\"container section-title-container\" ><h3 class=\"section-title section-title-bold-center\"><b><\/b><span class=\"section-title-main\" >LISTER<\/span><b><\/b><\/h3><\/div>\n\n  \n    <div id=\"cats-2066047938\" class=\"row large-columns-4 medium-columns-3 small-columns-2 row-small row-masonry\" data-packery-options='{\"itemSelector\": \".col\", \"gutter\": 0, \"presentageWidth\" : true}'>\n\n  <div class=\"product-category col\" >\n            <div class=\"col-inner\">\n                              <div class=\"box box-category has-hover box-push \">\n                <div class=\"box-image\" >\n                  <div class=\"\" >\n                  <img src=\"https:\/\/wahlspain.es\/wp-content\/uploads\/2020\/09\/Lister-Logo-Red-WAHL-SPAIN.jpg\" alt=\"M\u00e1quina de tosquiar LISTER com cabo\" width=\"300\" height=\"300\" \/>                                                      <\/div>\n                <\/div>\n                <div class=\"box-text text-center\" >\n                  <div class=\"box-text-inner\">\n                      <h5 class=\"uppercase header-title\">\n                              M\u00e1quina de tosquiar LISTER com cabo                      <\/h5>\n                                            <p class=\"is-xsmall uppercase count \">\n\t                      4 Produtos                      <\/p>\n                                            \n                  <\/div>\n                <\/div>\n                <\/div>\n                        <\/div>\n            <\/div><\/div>\n<div class=\"container section-title-container\" ><h3 class=\"section-title section-title-bold-center\"><b><\/b><span class=\"section-title-main\" >Otros<\/span><b><\/b><\/h3><\/div>\n\n  \n    <div id=\"cats-602107508\" class=\"row large-columns-4 medium-columns-3 small-columns-2 row-small row-masonry\" data-packery-options='{\"itemSelector\": \".col\", \"gutter\": 0, \"presentageWidth\" : true}'>\n\n  <div class=\"product-category col\" >\n            <div class=\"col-inner\">\n                              <div class=\"box box-category has-hover box-push \">\n                <div class=\"box-image\" >\n                  <div class=\"\" >\n                  <img src=\"https:\/\/wahlspain.es\/wp-content\/uploads\/woocommerce-placeholder.png\" alt=\"Repara\u00e7\u00e3o personalizada\" width=\"300\" height=\"300\" \/>                                                      <\/div>\n                <\/div>\n                <div class=\"box-text text-center\" >\n                  <div class=\"box-text-inner\">\n                      <h5 class=\"uppercase header-title\">\n                              Repara\u00e7\u00e3o personalizada                      <\/h5>\n                                            <p class=\"is-xsmall uppercase count \">\n\t                      1 Produto                      <\/p>\n                                            \n                  <\/div>\n                <\/div>\n                <\/div>\n                        <\/div>\n            <\/div><\/div>\n\t<div id=\"gap-588440726\" class=\"gap-element clearfix\" style=\"display:block; height:auto;\">\n\t\t\n<style>\n#gap-588440726 {\n  padding-top: 36px;\n}\n<\/style>\n\t<\/div>\n\t\n","protected":false},"excerpt":{"rendered":"<p>&nbsp; Para tramitar tu reparaci\u00f3n \/ garant\u00eda s\u00f3lo tienes que elegir la marca, familia y modelo del producto. Puede agilizar la b\u00fasqueda de su producto le recomendamos utilizar el buscador introduciendo el nombre del producto o la referencia del mismo.<\/p>\n","protected":false},"author":33,"featured_media":0,"parent":0,"menu_order":0,"comment_status":"closed","ping_status":"closed","template":"","meta":{"footnotes":""},"_links":{"self":[{"href":"https:\/\/wahlspain.es\/pt-pt\/wp-json\/wp\/v2\/pages\/7050"}],"collection":[{"href":"https:\/\/wahlspain.es\/pt-pt\/wp-json\/wp\/v2\/pages"}],"about":[{"href":"https:\/\/wahlspain.es\/pt-pt\/wp-json\/wp\/v2\/types\/page"}],"author":[{"embeddable":true,"href":"https:\/\/wahlspain.es\/pt-pt\/wp-json\/wp\/v2\/users\/33"}],"replies":[{"embeddable":true,"href":"https:\/\/wahlspain.es\/pt-pt\/wp-json\/wp\/v2\/comments?post=7050"}],"version-history":[{"count":9,"href":"https:\/\/wahlspain.es\/pt-pt\/wp-json\/wp\/v2\/pages\/7050\/revisions"}],"predecessor-version":[{"id":16714,"href":"https:\/\/wahlspain.es\/pt-pt\/wp-json\/wp\/v2\/pages\/7050\/revisions\/16714"}],"wp:attachment":[{"href":"https:\/\/wahlspain.es\/pt-pt\/wp-json\/wp\/v2\/media?parent=7050"}],"curies":[{"name":"wp","href":"https:\/\/api.w.org\/{rel}","templated":true}]}}